{"id":3289,"date":"2023-03-20T20:42:00","date_gmt":"2023-03-20T19:42:00","guid":{"rendered":"http:\/\/zsp5.zory.pl\/?post_type=project&#038;p=3289"},"modified":"2023-03-20T20:57:37","modified_gmt":"2023-03-20T19:57:37","slug":"projekt-uslyszec-innych","status":"publish","type":"project","link":"https:\/\/zsp5.zory.pl\/?project=projekt-uslyszec-innych","title":{"rendered":"Projekt &#8222;Us\u0142ysze\u0107 innych&#8221;"},"content":{"rendered":"\n<p>Zdobyli\u015bmy grant przyznany przez Mi\u0119dzynarodow\u0105 Organizacj\u0119 ds. Migracji finansowany przez Pa\u0144stwowy Sekretariat do Spraw Migracji Szwajcarii jako jedna z niewielu szk\u00f3\u0142 w ca\u0142ej Polsce. Spe\u0142nili\u015bmy nasze marzenia, w zwi\u0105zku z tym rusza nab\u00f3r do bezp\u0142atnego projektu \u201eUs\u0142ysze\u0107 innych\u201d, kt\u00f3ry jest przeznaczony&nbsp; dla uczni\u00f3w klas 1-8. &nbsp;<\/p>\n\n\n\n<p>Pami\u0119taj! Ty te\u017c mo\u017cesz odkry\u0107 w sobie nowe zdolno\u015bci.\u00a0<\/p>\n\n\n\n<h2 class=\"wp-block-heading\">Warsztaty wokalne z panem Andrzejem Marci\u0144cem<\/h2>\n\n\n\n<p><\/p>\n\n\n\n<p>W ramach grantu <a href=\"https:\/\/www.facebook.com\/IOMPoland?__cft__[0]=AZUPZp6JBbYb1GIt1zgz9djmcu_hr4hCu6e4-YjyqHZ7OKN-71MyHa15hde9EElb3m0zP63kSfKkGoGlgy573CPF6lW01-GghGGX3cPrINtZHWSwBCiRtlSxwhQxjS-aTX2QIVhOHzQt-gkv5BVpel9i4jkOvDtlMCv90ssCWjJ9MFOZN-bbCVZvsB3nbbID47U&amp;__tn__=-]K-R\">IOM Poland<\/a> finansowanego przez Pa\u0144stwowy Sekretariat do Spraw Migracji Szwajcarii &#8222;Us\u0142ysze\u0107 innych&#8221; uczniowie klas 4-8 wzi\u0119li udzia\u0142 w warsztatach wokalnych.  Zaj\u0119cia prowadzi\u0142 zawodowy muzyk, dyrygent ch\u00f3r\u00f3w &#8222;Voce Segreto&#8221; i &#8222;AF Music&#8221;, cz\u0142onek zespo\u0142u &#8222;Rycz\u0105ce  Dwudziestki&#8221; &#8211; pan Andrzej Marciniec.  Nasi wychowankowie \u015bwietnie si\u0119 bawili, \u015bpiewaj\u0105c szanty. W czwartek ju\u017c kolejne spotkanie z muzyk\u0105.<\/p>\n\n\n\n<h2 class=\"wp-block-heading\">Nagrywanie piosenki &#8222;Us\u0142ysze\u0107 innych&#8221;<\/h2>\n\n\n\n<p>To by\u0142a sobota pe\u0142na wra\u017ce\u0144! W ramach grantu <strong>IOM Poland\u00a0 \u201eUs\u0142ysze\u0107 innych\u201d<\/strong> nasze uczennice mia\u0142y okazj\u0119 nagrywa\u0107 piosenk\u0119 o tym samym tytule w Radiu \u017bory, kt\u00f3re dzia\u0142a pod skrzyd\u0142ami Miejskiej Biblioteki Publicznej w \u017borach. Dziewczyny pod czujnym okiem i uchem pana <strong>Andrzeja Marci\u0144ca<\/strong> szlifowa\u0142y wokalne talenty. Wszystko zosta\u0142o uwiecznione przez pana <strong>Paw\u0142a Ko\u0142odziejskiego<\/strong> i teraz czekamy ju\u017c tylko na teledysk.<\/p>\n\n\n\n<h2 class=\"wp-block-heading\">Warsztaty r\u0119kodzielnicze w ramach grantu &#8222;Us\u0142ysze\u0107 innych&#8221;<\/h2>\n\n\n\n<figure class=\"wp-block-video\"><video height=\"960\" style=\"aspect-ratio: 960 \/ 960;\" width=\"960\" controls src=\"http:\/\/zsp5.zory.pl\/wp-content\/uploads\/2023\/03\/Fotorelacja-z-warsztatow-rekodziela-w-ramach-grantu-Uslyszec-innych-IOM-Poland.mp4\"><\/video><figcaption class=\"wp-element-caption\">Fotorelacja z warsztat\u00f3w r\u0119kodzielniczych w ramach grantu &#8222;Us\u0142ysze\u0107 innych&#8221; IOM Polska<\/figcaption><\/figure>\n\n\n\n<h2 class=\"wp-block-heading\">Efekt dzia\u0142a\u0144 w ramach grantu &#8222;Us\u0142ysze\u0107 innych&#8221;<\/h2>\n\n\n\n<p>Autorskie s\u0142owa nauczycieli SP nr 5 pani Agnieszki Wali i Sabiny Wi\u015bniewskiej, cudowny \u015bpiew naszych uczennic i aktorska gra spo\u0142eczno\u015bci szkolnej &#8211; oto efekt dzia\u0142a\u0144 w ramach GRANTU OIM. <\/p>\n\n\n\n<p><a href=\"https:\/\/www.facebook.com\/100085906780262\/videos\/1401193147363655\">https:\/\/www.facebook.com\/100085906780262\/videos\/1401193147363655<\/a><\/p>\n\n\n\n<h2 class=\"wp-block-heading\">Warsztaty teatralne w ramach grantu &#8222;Us\u0142ysze\u0107 innych&#8221;<\/h2>\n\n\n\n<p>Warsztaty przewidziane w projekcie grantowym &#8222;Us\u0142ysze\u0107 innych&#8221; IOM Polska dobieg\u0142y ko\u0144ca. Zapraszamy na kr\u00f3tk\u0105 fotorelacj\u0119 z zaj\u0119\u0107 teatralnych prowadzonych przez aktork\u0119 Teatru Banialuka z Bielska &#8211; Bia\u0142ej, a tak\u017ce warsztat\u00f3w zorganizowanych przez Teatr Lalki i Aktora Ateneum w Katowicach.<\/p>\n\n\n\n<figure class=\"wp-block-video\"><video height=\"960\" style=\"aspect-ratio: 960 \/ 960;\" width=\"960\" controls src=\"http:\/\/zsp5.zory.pl\/wp-content\/uploads\/2023\/03\/Fotorelacja-z-wasztatow-teatralnych-w-ramach-projektu-Uslyszec-innych-IOM-Poland.mp4\"><\/video><figcaption class=\"wp-element-caption\">Fotorelacja z warsztat\u00f3w teatralnych  w ramach projektu &#8222;Us\u0142ysze\u0107 innych&#8221; IOM Polska<\/figcaption><\/figure>\n\n\n\n<div class=\"wp-block-columns is-layout-flex wp-container-core-columns-is-layout-9d6595d7 wp-block-columns-is-layout-flex\">\n<div class=\"wp-block-column is-layout-flow wp-block-column-is-layout-flow\">\n<figure class=\"wp-block-image size-large is-resized\"><img loading=\"lazy\" decoding=\"async\" src=\"http:\/\/zsp5.zory.pl\/wp-content\/uploads\/2023\/02\/IOM-official_Logo_PRIM_BLUE_RGB-EN-3-1024x513.png\" alt=\"\" class=\"wp-image-3170\" width=\"355\" height=\"178\"\/><figcaption class=\"wp-element-caption\">logo Mi\u0119dzynarodowej<br>Organizacji ds. Migracji ( IOM)<\/figcaption><\/figure>\n<\/div>\n\n\n\n<div class=\"wp-block-column is-layout-flow wp-block-column-is-layout-flow\">\n<figure class=\"wp-block-image size-full is-resized\"><img loading=\"lazy\" decoding=\"async\" src=\"http:\/\/zsp5.zory.pl\/wp-content\/uploads\/2023\/02\/Swiss-Logo-for-SEM-or-both-SEM-SDC.png\" alt=\"\" class=\"wp-image-3176\" width=\"361\" height=\"116\"\/><figcaption class=\"wp-element-caption\">logo donora szwajcarskiego<\/figcaption><\/figure>\n<\/div>\n<\/div>\n","protected":false},"excerpt":{"rendered":"<p>Zdobyli\u015bmy grant przyznany przez Mi\u0119dzynarodow\u0105 Organizacj\u0119 ds. Migracji finansowany przez Pa\u0144stwowy Sekretariat do Spraw Migracji Szwajcarii jako jedna z niewielu szk\u00f3\u0142 w ca\u0142ej Polsce. Spe\u0142nili\u015bmy nasze marzenia, w zwi\u0105zku z tym rusza nab\u00f3r do bezp\u0142atnego projektu \u201eUs\u0142ysze\u0107 innych\u201d, kt\u00f3ry jest przeznaczony&nbsp; dla uczni\u00f3w klas 1-8. &nbsp; Pami\u0119taj! Ty te\u017c mo\u017cesz odkry\u0107 w sobie nowe zdolno\u015bci.\u00a0 [&hellip;]<\/p>\n","protected":false},"author":11,"featured_media":0,"comment_status":"closed","ping_status":"closed","template":"","meta":{"_et_pb_use_builder":"","_et_pb_old_content":"","_et_gb_content_width":"","footnotes":""},"project_category":[192],"project_tag":[312,310],"class_list":["post-3289","project","type-project","status-publish","hentry","project_category-edukacyjne","project_tag-iom-poland","project_tag-uslyszec-innych"],"_links":{"self":[{"href":"https:\/\/zsp5.zory.pl\/index.php?rest_route=\/wp\/v2\/project\/3289","targetHints":{"allow":["GET"]}}],"collection":[{"href":"https:\/\/zsp5.zory.pl\/index.php?rest_route=\/wp\/v2\/project"}],"about":[{"href":"https:\/\/zsp5.zory.pl\/index.php?rest_route=\/wp\/v2\/types\/project"}],"author":[{"embeddable":true,"href":"https:\/\/zsp5.zory.pl\/index.php?rest_route=\/wp\/v2\/users\/11"}],"replies":[{"embeddable":true,"href":"https:\/\/zsp5.zory.pl\/index.php?rest_route=%2Fwp%2Fv2%2Fcomments&post=3289"}],"version-history":[{"count":2,"href":"https:\/\/zsp5.zory.pl\/index.php?rest_route=\/wp\/v2\/project\/3289\/revisions"}],"predecessor-version":[{"id":3292,"href":"https:\/\/zsp5.zory.pl\/index.php?rest_route=\/wp\/v2\/project\/3289\/revisions\/3292"}],"wp:attachment":[{"href":"https:\/\/zsp5.zory.pl\/index.php?rest_route=%2Fwp%2Fv2%2Fmedia&parent=3289"}],"wp:term":[{"taxonomy":"project_category","embeddable":true,"href":"https:\/\/zsp5.zory.pl\/index.php?rest_route=%2Fwp%2Fv2%2Fproject_category&post=3289"},{"taxonomy":"project_tag","embeddable":true,"href":"https:\/\/zsp5.zory.pl\/index.php?rest_route=%2Fwp%2Fv2%2Fproject_tag&post=3289"}],"curies":[{"name":"wp","href":"https:\/\/api.w.org\/{rel}","templated":true}]}}