{"id":1086459,"date":"2025-06-18T20:49:12","date_gmt":"2025-06-18T18:49:12","guid":{"rendered":"https:\/\/zsp5.zory.pl\/?post_type=project&#038;p=1086459"},"modified":"2025-10-15T12:25:23","modified_gmt":"2025-10-15T10:25:23","slug":"1086459","status":"publish","type":"project","link":"https:\/\/zsp5.zory.pl\/?project=1086459","title":{"rendered":"Kolejny projekt &#8222;Ogr\u00f3dek zi\u00f3\u0142 \u015bl\u0105skich&#8221;"},"content":{"rendered":"<div><span style=\"color: #000000;\">Dzi\u0119ki zaanga\u017cowaniu wspania\u0142ych wolontariuszy z Capgemini Polska realizujemy w naszej szkole projekt &#8222;Ogr\u00f3dek zi\u00f3\u0142 \u015bl\u0105skich&#8221;.\u00a0Inicjatywa obejmuje\u00a0dzia\u0142ania, podczas kt\u00f3rych dzieci poznaj\u0105 tradycyjne zio\u0142a w zapachu, smaku i zastosowaniu. Poznaj\u0105 ich nazwy w gwarze \u015bl\u0105skiej. Wysiej\u0105, a w p\u00f3\u017aniejszym terminie wysadz\u0105 (do podwy\u017cszanej donicy) tradycyjne zio\u0142a wykorzystywane w \u015bl\u0105skiej kuchni (np. mi\u0119ta, koper, pietruszka).<\/span><\/div>\n<div><span style=\"color: #000000;\">Pierwsze warsztaty odb\u0119d\u0105 si\u0119 w czerwcu. Dzieci poznaj\u0105 zio\u0142a i ich zastosowanie, oraz samodzielnie wysiej\u0105 nasiona do ekologicznych doniczek. Podczas drugiego spotkania (jesieni\u0105) sadzonki zostan\u0105 wysadzone do og\u00f3lnodost\u0119pnej donicy.<\/span><\/div>\n<div>\n<div id=\"attachment_1086448\" style=\"width: 734px\" class=\"wp-caption alignnone\"><img loading=\"lazy\" decoding=\"async\" aria-describedby=\"caption-attachment-1086448\" class=\"size-large wp-image-1086448\" src=\"http:\/\/zsp5.zory.pl\/wp-content\/uploads\/2025\/06\/plakat-informujacy-o-projekcie--724x1024.jpg\" alt=\"\" width=\"724\" height=\"1024\" \/><p id=\"caption-attachment-1086448\" class=\"wp-caption-text\">Plakat informuj\u0105cy o projekcie &#8222;Ogr\u00f3dek zi\u00f3\u0142 \u015bl\u0105skich&#8221;<\/p><\/div>\n<\/div>\n<div><\/div>\n<div>\n<div dir=\"auto\"><\/div>\n<div dir=\"auto\"><strong>&#8222;<span style=\"color: #000000;\">Ogr\u00f3dek zi\u00f3\u0142 \u015bl\u0105skich&#8221;\u00a0<\/span><\/strong><\/div>\n<\/div>\n<div>\n<div class=\"xdj266r x14z9mp xat24cr x1lziwak x1vvkbs x126k92a\">\n<div dir=\"auto\">\n<div class=\"xdj266r x14z9mp xat24cr x1lziwak x1vvkbs x126k92a\">\n<div dir=\"auto\"><span style=\"color: #000000;\">Na par\u0119 dni przed wakacjami, 24 czerwca, dzieci w \u015bwietlicy wzi\u0119\u0142y udzia\u0142 w warsztatach zielarsko &#8211; ogrodniczych. Warsztaty w gwarze \u015bl\u0105skiej poprowadzi\u0142a pisarka, gaw\u0119dziarka i dzia\u0142aczka regionalna Zofia Przeliorz. Pani Zofia od dziecka zajmuje si\u0119 polem i ogrodem, kt\u00f3ra z praktycznej strony zna tajniki zar\u00f3wno uprawy, jak i zastosowania zi\u00f3\u0142 w kuchni \u015bl\u0105skiej.<\/span><\/div>\n<\/div>\n<div class=\"x14z9mp xat24cr x1lziwak x1vvkbs xtlvy1s x126k92a\">\n<div dir=\"auto\"><span style=\"color: #000000;\">Dzieci pozna\u0142y zar\u00f3wno zio\u0142a od lat stosowane w naszym regionie, jak i te, kt\u00f3re relatywnie niedawno pojawi\u0142y si\u0119 w naszej kuchni.<\/span><\/div>\n<\/div>\n<div class=\"x14z9mp xat24cr x1lziwak x1vvkbs xtlvy1s x126k92a\">\n<div dir=\"auto\"><span style=\"color: #000000;\">Zio\u0142a poznawane by\u0142y w\u0119chem, dotykiem i smakiem. Do ekologicznych doniczek z opakowa\u0144 po jogurtach wysiane zosta\u0142y nasiona. Po wakacjach wyro\u015bni\u0119te sadzonki wsp\u00f3lnie wysadzimy do donicy.<\/span><\/div>\n<\/div>\n<div class=\"x14z9mp xat24cr x1lziwak x1vvkbs xtlvy1s x126k92a\">\n<div dir=\"auto\"><span style=\"color: #000000;\">Dzieci uczestnicz\u0105ce w warsztatach otrzyma\u0142y w prezencie od Capgemini Polska doniczki z nasionami.<\/span><\/div>\n<\/div>\n<div class=\"x14z9mp xat24cr x1lziwak x1vvkbs xtlvy1s x126k92a\">\n<div dir=\"auto\"><span style=\"color: #000000;\">Dzia\u0142anie zrealizowano w ramach projektu &#8222;Ogr\u00f3dek zi\u00f3\u0142 \u015bl\u0105skich&#8221;.<\/span><\/div>\n<\/div>\n<div class=\"x14z9mp xat24cr x1lziwak x1vvkbs xtlvy1s x126k92a\">\n<div dir=\"auto\"><span class=\"html-span xdj266r x14z9mp xat24cr x1lziwak xexx8yu xyri2b x18d9i69 x1c1uobl x1hl2dhg x16tdsg8 x1vvkbs\"><a class=\"x1i10hfl xjbqb8w x1ejq31n x18oe1m7 x1sy0etr xstzfhl x972fbf x10w94by x1qhh985 x14e42zd x9f619 x1ypdohk xt0psk2 x3ct3a4 xdj266r x14z9mp xat24cr x1lziwak xexx8yu xyri2b x18d9i69 x1c1uobl x16tdsg8 x1hl2dhg xggy1nq x1a2a7pz xkrqix3 x1sur9pj x1fey0fg x1s688f\" tabindex=\"0\" role=\"link\" href=\"https:\/\/www.facebook.com\/CapgeminiPl?__cft__[0]=AZVunPckRpnwelnIdBMskdaN7GtGCQQRbRIAg17ESuEL9FRa2s7g0cVjQ-EtqO6fp13HCcj2ksKtmrnnBssVXnVH6p420Zfzy-438LWDSVfT_BT96jZa5AU13clr_5fHuHA2jKfA1RIq0Ai8f1P7uhzg9RZhisdBpgmiqheCsFD0Cv3cf-Xev0Fz1FCsL3qR1-c&amp;__tn__=-]K-R\"><span class=\"xt0psk2\"><span class=\"xjp7ctv\">Capgemini Polska<\/span><\/span><\/a><\/span>, <span style=\"color: #000000;\">@Leokadia Post-Card<\/span><\/div>\n<\/div>\n<\/div>\n<div dir=\"auto\"><\/div>\n<div dir=\"auto\"><strong>&#8222;<span style=\"color: #000000;\">Ogr\u00f3dek zi\u00f3\u0142 \u015bl\u0105skich&#8221;\u00a0<\/span><\/strong><\/div>\n<div dir=\"auto\"><span style=\"color: #000000;\">Pietruszka, rozmaryn, melisa, lubczyk, mi\u0119ta, tymianek &#8211; to tylko niekt\u00f3re z wielu zi\u00f3\u0142, kt\u00f3re wyros\u0142y z nasion wysianych przez dzieci przed wakacjami. 9 pa\u017adziernika wyro\u015bni\u0119te ju\u017c byliny zosta\u0142y przesadzone do donicy zlokalizowanej przy wej\u015bciu do szko\u0142y od strony boiska. Donic\u0119 przygotowali i ustawili wolontariusze z Capgemini Polska.<\/span><\/div>\n<div dir=\"auto\"><span style=\"color: #000000;\">Wysadzanie zosta\u0142o poprzedzone warsztatami z pani\u0105 Zofi\u0105 Przeliorz, kt\u00f3ra opowiedzia\u0142a o tym, jakie zastosowanie ma ka\u017cda z ro\u015blinek. Dzieci mog\u0142y pow\u0105cha\u0107, dotkn\u0105\u0107, a nawet spr\u00f3bowa\u0107 zi\u00f3\u0142.<\/span><\/div>\n<div dir=\"auto\"><span style=\"color: #000000;\">Od tej pory mo\u017cna si\u0119 cz\u0119stowa\u0107 listkami, by przyprawia\u0107 potrawy w kuchni lub wypi\u0107 aromatyczn\u0105 herbat\u0119. Zapraszamy!<\/span><\/div>\n<div dir=\"auto\"><span style=\"color: #000000;\">Dzia\u0142anie zrealizowano w ramach projektu &#8222;Ogr\u00f3dek zi\u00f3\u0142 \u015bl\u0105skich&#8221;.<\/span><\/div>\n<div dir=\"auto\"><span style=\"color: #000000;\">Dzi\u0119kujemy Capgemini Polska!<\/span><\/div>\n<\/div>\n<div class=\"x14z9mp xat24cr x1lziwak x1vvkbs xtlvy1s x126k92a\">\n<div dir=\"auto\"><span style=\"color: #000000;\"><span class=\"html-span xdj266r x14z9mp xat24cr x1lziwak xexx8yu xyri2b x18d9i69 x1c1uobl x1hl2dhg x16tdsg8 x1vvkbs\"><a class=\"x1i10hfl xjbqb8w x1ejq31n x18oe1m7 x1sy0etr xstzfhl x972fbf x10w94by x1qhh985 x14e42zd x9f619 x1ypdohk xt0psk2 x3ct3a4 xdj266r x14z9mp xat24cr x1lziwak xexx8yu xyri2b x18d9i69 x1c1uobl x16tdsg8 x1hl2dhg xggy1nq x1a2a7pz xkrqix3 x1sur9pj x1fey0fg x1s688f\" style=\"color: #000000;\" tabindex=\"0\" role=\"link\" href=\"https:\/\/www.facebook.com\/CapgeminiPl?__cft__[0]=AZUNL_GNxB_qLyMJrIBLOqukMm1faq_4euWdrN-6pdI5BTqGnQOt9x5fdnq9CrIXueHQnUVDHjAeT4vt5F3NAP4z9rnSNq5MNspWzgs-9X3khUxuQeLtmw3bKBE_4PA9mpEAwy0fr3Fon8kBAdVGXGAyopohEUtBrpdBabOA_musrpGPz8Mx6LkEXaUtDwKIQQ8&amp;__tn__=-]K-R\"><span class=\"xt0psk2\"><span class=\"xjp7ctv\">Capgemini Polska<\/span><\/span><\/a><\/span> @Leokadia Post-Card<\/span><\/div>\n<\/div>\n<\/div>\n","protected":false},"excerpt":{"rendered":"<p>Dzi\u0119ki zaanga\u017cowaniu wspania\u0142ych wolontariuszy z Capgemini Polska realizujemy w naszej szkole projekt &#8222;Ogr\u00f3dek zi\u00f3\u0142 \u015bl\u0105skich&#8221;.\u00a0Inicjatywa obejmuje\u00a0dzia\u0142ania, podczas kt\u00f3rych dzieci poznaj\u0105 tradycyjne zio\u0142a w zapachu, smaku i zastosowaniu. Poznaj\u0105 ich nazwy w gwarze \u015bl\u0105skiej. Wysiej\u0105, a w p\u00f3\u017aniejszym terminie wysadz\u0105 (do podwy\u017cszanej donicy) tradycyjne zio\u0142a wykorzystywane w \u015bl\u0105skiej kuchni (np. mi\u0119ta, koper, pietruszka). Pierwsze warsztaty odb\u0119d\u0105 [&hellip;]<\/p>\n","protected":false},"author":11,"featured_media":0,"comment_status":"closed","ping_status":"closed","template":"","meta":{"_et_pb_use_builder":"","_et_pb_old_content":"","_et_gb_content_width":"","footnotes":""},"project_category":[545],"project_tag":[],"class_list":["post-1086459","project","type-project","status-publish","hentry","project_category-pod-skrzydlami-jastrzebia"],"_links":{"self":[{"href":"https:\/\/zsp5.zory.pl\/index.php?rest_route=\/wp\/v2\/project\/1086459","targetHints":{"allow":["GET"]}}],"collection":[{"href":"https:\/\/zsp5.zory.pl\/index.php?rest_route=\/wp\/v2\/project"}],"about":[{"href":"https:\/\/zsp5.zory.pl\/index.php?rest_route=\/wp\/v2\/types\/project"}],"author":[{"embeddable":true,"href":"https:\/\/zsp5.zory.pl\/index.php?rest_route=\/wp\/v2\/users\/11"}],"replies":[{"embeddable":true,"href":"https:\/\/zsp5.zory.pl\/index.php?rest_route=%2Fwp%2Fv2%2Fcomments&post=1086459"}],"version-history":[{"count":5,"href":"https:\/\/zsp5.zory.pl\/index.php?rest_route=\/wp\/v2\/project\/1086459\/revisions"}],"predecessor-version":[{"id":1086668,"href":"https:\/\/zsp5.zory.pl\/index.php?rest_route=\/wp\/v2\/project\/1086459\/revisions\/1086668"}],"wp:attachment":[{"href":"https:\/\/zsp5.zory.pl\/index.php?rest_route=%2Fwp%2Fv2%2Fmedia&parent=1086459"}],"wp:term":[{"taxonomy":"project_category","embeddable":true,"href":"https:\/\/zsp5.zory.pl\/index.php?rest_route=%2Fwp%2Fv2%2Fproject_category&post=1086459"},{"taxonomy":"project_tag","embeddable":true,"href":"https:\/\/zsp5.zory.pl\/index.php?rest_route=%2Fwp%2Fv2%2Fproject_tag&post=1086459"}],"curies":[{"name":"wp","href":"https:\/\/api.w.org\/{rel}","templated":true}]}}