{"id":1804,"date":"2022-10-14T18:51:47","date_gmt":"2022-10-14T16:51:47","guid":{"rendered":"http:\/\/zsp5.zory.pl\/?page_id=1804"},"modified":"2025-10-27T13:00:26","modified_gmt":"2025-10-27T12:00:26","slug":"sp5_1","status":"publish","type":"page","link":"https:\/\/zsp5.zory.pl\/?page_id=1804","title":{"rendered":"SP5_1"},"content":{"rendered":"<p>[et_pb_section fb_built=&#8221;1&#8243; specialty=&#8221;on&#8221; admin_label=&#8221;Section&#8221; _builder_version=&#8221;4.18.0&#8243; background_enable_image=&#8221;off&#8221; inner_width=&#8221;90%&#8221; inner_max_width=&#8221;90%&#8221; custom_margin=&#8221;|||&#8221; custom_padding=&#8221;26px|0|100px|0px|false|false&#8221; use_custom_width=&#8221;on&#8221; width_unit=&#8221;off&#8221; custom_width_percent=&#8221;90%&#8221; global_colors_info=&#8221;{}&#8221;][et_pb_column type=&#8221;1_4&#8243; _builder_version=&#8221;4.16&#8243; custom_padding=&#8221;|||&#8221; global_colors_info=&#8221;{}&#8221; custom_padding__hover=&#8221;|||&#8221;][et_pb_blurb title=&#8221;HISTORIA&#8221; _builder_version=&#8221;4.18.0&#8243; _dynamic_attributes=&#8221;link_option_url&#8221; header_font=&#8221;Rubik|700||on|||||&#8221; header_text_color=&#8221;rgba(255,255,255,0.5)&#8221; header_font_size=&#8221;12px&#8221; header_letter_spacing=&#8221;3px&#8221; body_font=&#8221;Rubik||||||||&#8221; body_font_size=&#8221;12px&#8221; body_letter_spacing=&#8221;1px&#8221; body_line_height=&#8221;1.5em&#8221; background_color=&#8221;#0047E0&#8243; background_layout=&#8221;dark&#8221; custom_margin=&#8221;||10px|&#8221; custom_padding=&#8221;14px|20px|14px|20px|true|true&#8221; link_option_url=&#8221;@ET-DC@eyJkeW5hbWljIjp0cnVlLCJjb250ZW50IjoicG9zdF9saW5rX3VybF9wYWdlIiwic2V0dGluZ3MiOnsicG9zdF9pZCI6IjE4MDQifX0=@&#8221; border_radii=&#8221;on|10px|10px|10px|10px&#8221; box_shadow_style=&#8221;preset2&#8243; locked=&#8221;off&#8221; global_colors_info=&#8221;{}&#8221;]<\/p>\n<p>Historia <span>Zespo\u0142u Szkolno-Przedszkolnego nr 5<\/span><\/p>\n<p>[\/et_pb_blurb][et_pb_blurb title=&#8221;Z \u017bYCIA SZKO\u0141Y&#8221; _builder_version=&#8221;4.18.0&#8243; _dynamic_attributes=&#8221;link_option_url&#8221; header_font=&#8221;Rubik|700||on|||||&#8221; header_text_color=&#8221;#000000&#8243; header_font_size=&#8221;12px&#8221; header_letter_spacing=&#8221;3px&#8221; header_line_height=&#8221;1.5em&#8221; body_font=&#8221;Rubik||||||||&#8221; body_text_color=&#8221;#000000&#8243; body_font_size=&#8221;12px&#8221; body_letter_spacing=&#8221;1px&#8221; body_line_height=&#8221;2em&#8221; background_color=&#8221;#FFF347&#8243; background_layout=&#8221;dark&#8221; custom_margin=&#8221;||10px|&#8221; custom_padding=&#8221;14px|20px|14px|20px|true|true&#8221; animation_style=&#8221;zoom&#8221; animation_intensity_zoom=&#8221;10%&#8221; link_option_url=&#8221;@ET-DC@eyJkeW5hbWljIjp0cnVlLCJjb250ZW50IjoicG9zdF9saW5rX3VybF9wYWdlIiwic2V0dGluZ3MiOnsicG9zdF9pZCI6IjE3NTIifX0=@&#8221; border_radii=&#8221;on|10px|10px|10px|10px&#8221; box_shadow_style=&#8221;preset2&#8243; locked=&#8221;off&#8221; global_colors_info=&#8221;{}&#8221;]<\/p>\n<p>Informacje, wydarzenia, zaproszenia<\/p>\n<p>[\/et_pb_blurb][et_pb_blurb title=&#8221;nauczyciele&#8221; _builder_version=&#8221;4.18.0&#8243; _dynamic_attributes=&#8221;link_option_url&#8221; header_font=&#8221;Rubik|700||on|||||&#8221; header_text_color=&#8221;#000000&#8243; header_font_size=&#8221;12px&#8221; header_letter_spacing=&#8221;3px&#8221; header_line_height=&#8221;1.5em&#8221; body_font=&#8221;Rubik||||||||&#8221; body_text_color=&#8221;#000000&#8243; body_font_size=&#8221;12px&#8221; body_letter_spacing=&#8221;1px&#8221; body_line_height=&#8221;2em&#8221; background_color=&#8221;#D6D6D6&#8243; background_layout=&#8221;dark&#8221; custom_margin=&#8221;||11px||false|false&#8221; custom_padding=&#8221;14px|20px|14px|20px|true|true&#8221; animation_style=&#8221;zoom&#8221; animation_intensity_zoom=&#8221;10%&#8221; link_option_url=&#8221;@ET-DC@eyJkeW5hbWljIjp0cnVlLCJjb250ZW50IjoicG9zdF9saW5rX3VybF9wYWdlIiwic2V0dGluZ3MiOnsicG9zdF9pZCI6IjE3ODMifX0=@&#8221; border_radii=&#8221;on|10px|10px|10px|10px&#8221; box_shadow_style=&#8221;preset2&#8243; locked=&#8221;off&#8221; global_colors_info=&#8221;{}&#8221;]<\/p>\n<p>Kadra pedagogiczna naszej szko\u0142y<\/p>\n<p>[\/et_pb_blurb][et_pb_blurb title=&#8221;GOdziny dost\u0119pno\u015bci&#8221; _builder_version=&#8221;4.18.0&#8243; _dynamic_attributes=&#8221;link_option_url&#8221; header_font=&#8221;Rubik|700||on|||||&#8221; header_text_color=&#8221;rgba(255,255,255,0.5)&#8221; header_font_size=&#8221;12px&#8221; header_letter_spacing=&#8221;3px&#8221; body_font=&#8221;Rubik||||||||&#8221; body_font_size=&#8221;12px&#8221; body_letter_spacing=&#8221;1px&#8221; body_line_height=&#8221;1.5em&#8221; background_color=&#8221;#0047E0&#8243; background_layout=&#8221;dark&#8221; custom_margin=&#8221;||10px|&#8221; custom_padding=&#8221;14px|20px|14px|20px|true|true&#8221; link_option_url=&#8221;@ET-DC@eyJkeW5hbWljIjp0cnVlLCJjb250ZW50IjoicG9zdF9saW5rX3VybF9wYWdlIiwic2V0dGluZ3MiOnsicG9zdF9pZCI6IjE4MTUifX0=@&#8221; border_radii=&#8221;on|10px|10px|10px|10px&#8221; box_shadow_style=&#8221;preset2&#8243; locked=&#8221;off&#8221; global_colors_info=&#8221;{}&#8221;][\/et_pb_blurb][et_pb_blurb title=&#8221;kalendarz roku szkolnego&#8221; _builder_version=&#8221;4.27.4&#8243; _dynamic_attributes=&#8221;link_option_url&#8221; header_font=&#8221;Rubik|700||on|||||&#8221; header_text_color=&#8221;#000000&#8243; header_font_size=&#8221;12px&#8221; header_letter_spacing=&#8221;3px&#8221; header_line_height=&#8221;1.5em&#8221; body_font=&#8221;Rubik||||||||&#8221; body_text_color=&#8221;#000000&#8243; body_font_size=&#8221;12px&#8221; body_letter_spacing=&#8221;1px&#8221; body_line_height=&#8221;2em&#8221; background_color=&#8221;#FFF347&#8243; background_layout=&#8221;dark&#8221; custom_margin=&#8221;||10px|&#8221; custom_padding=&#8221;14px|20px|14px|20px|true|true&#8221; animation_style=&#8221;zoom&#8221; animation_intensity_zoom=&#8221;10%&#8221; link_option_url=&#8221;@ET-DC@eyJkeW5hbWljIjp0cnVlLCJjb250ZW50IjoicG9zdF9saW5rX3VybF9wYWdlIiwic2V0dGluZ3MiOnsicG9zdF9pZCI6IjE4MjMifX0=@&#8221; hover_enabled=&#8221;0&#8243; border_radii=&#8221;on|10px|10px|10px|10px&#8221; box_shadow_style=&#8221;preset2&#8243; locked=&#8221;off&#8221; global_colors_info=&#8221;{}&#8221; sticky_enabled=&#8221;0&#8243;]<\/p>\n<p>2025 \/ 2026<\/p>\n<p>[\/et_pb_blurb][et_pb_blurb title=&#8221;\u015bwietlica&#8221; _builder_version=&#8221;4.18.0&#8243; _dynamic_attributes=&#8221;link_option_url&#8221; header_font=&#8221;Rubik|700||on|||||&#8221; header_text_color=&#8221;#000000&#8243; header_font_size=&#8221;12px&#8221; header_letter_spacing=&#8221;3px&#8221; header_line_height=&#8221;1.5em&#8221; body_font=&#8221;Rubik||||||||&#8221; body_text_color=&#8221;#000000&#8243; body_font_size=&#8221;12px&#8221; body_letter_spacing=&#8221;1px&#8221; body_line_height=&#8221;2em&#8221; background_color=&#8221;#D6D6D6&#8243; background_layout=&#8221;dark&#8221; custom_margin=&#8221;||11px||false|false&#8221; custom_padding=&#8221;14px|20px|14px|20px|true|true&#8221; animation_style=&#8221;zoom&#8221; animation_intensity_zoom=&#8221;10%&#8221; link_option_url=&#8221;@ET-DC@eyJkeW5hbWljIjp0cnVlLCJjb250ZW50IjoicG9zdF9saW5rX3VybF9wYWdlIiwic2V0dGluZ3MiOnsicG9zdF9pZCI6IjE4MzEifX0=@&#8221; border_radii=&#8221;on|10px|10px|10px|10px&#8221; box_shadow_style=&#8221;preset2&#8243; locked=&#8221;off&#8221; global_colors_info=&#8221;{}&#8221;]<\/p>\n<p>Zasady pracy<\/p>\n<p>[\/et_pb_blurb][et_pb_blurb title=&#8221;wolontariat&#8221; _builder_version=&#8221;4.18.0&#8243; _dynamic_attributes=&#8221;link_option_url&#8221; header_font=&#8221;Rubik|700||on|||||&#8221; header_text_color=&#8221;rgba(255,255,255,0.5)&#8221; header_font_size=&#8221;12px&#8221; header_letter_spacing=&#8221;3px&#8221; body_font=&#8221;Rubik||||||||&#8221; body_font_size=&#8221;12px&#8221; body_letter_spacing=&#8221;1px&#8221; body_line_height=&#8221;1.5em&#8221; background_color=&#8221;#0047E0&#8243; background_layout=&#8221;dark&#8221; custom_margin=&#8221;||10px|&#8221; custom_padding=&#8221;14px|20px|14px|20px|true|true&#8221; link_option_url=&#8221;@ET-DC@eyJkeW5hbWljIjp0cnVlLCJjb250ZW50IjoicG9zdF9saW5rX3VybF9wYWdlIiwic2V0dGluZ3MiOnsicG9zdF9pZCI6IjE4NDMifX0=@&#8221; border_radii=&#8221;on|10px|10px|10px|10px&#8221; box_shadow_style=&#8221;preset2&#8243; locked=&#8221;off&#8221; global_colors_info=&#8221;{}&#8221;]<\/p>\n<p>Chcesz pom\u00f3c? Zapraszamy<\/p>\n<p>[\/et_pb_blurb][et_pb_blurb title=&#8221;Sukcesy uczni\u00f3w&#8221; _builder_version=&#8221;4.18.0&#8243; _dynamic_attributes=&#8221;link_option_url&#8221; header_font=&#8221;Rubik|700||on|||||&#8221; header_text_color=&#8221;#000000&#8243; header_font_size=&#8221;12px&#8221; header_letter_spacing=&#8221;3px&#8221; header_line_height=&#8221;1.5em&#8221; body_font=&#8221;Rubik||||||||&#8221; body_text_color=&#8221;#000000&#8243; body_font_size=&#8221;12px&#8221; body_letter_spacing=&#8221;1px&#8221; body_line_height=&#8221;2em&#8221; background_color=&#8221;#FFF347&#8243; background_layout=&#8221;dark&#8221; custom_margin=&#8221;||10px|&#8221; custom_padding=&#8221;14px|20px|14px|20px|true|true&#8221; animation_style=&#8221;zoom&#8221; animation_intensity_zoom=&#8221;10%&#8221; link_option_url=&#8221;@ET-DC@eyJkeW5hbWljIjp0cnVlLCJjb250ZW50IjoicG9zdF9saW5rX3VybF9wYWdlIiwic2V0dGluZ3MiOnsicG9zdF9pZCI6IjE4NTUifX0=@&#8221; border_radii=&#8221;on|10px|10px|10px|10px&#8221; box_shadow_style=&#8221;preset2&#8243; locked=&#8221;off&#8221; global_colors_info=&#8221;{}&#8221;]<\/p>\n<p>Jeste\u015bmy dumni z naszych uczni\u00f3w<\/p>\n<p>[\/et_pb_blurb][et_pb_blurb title=&#8221;Biblioteka&#8221; _builder_version=&#8221;4.18.0&#8243; _dynamic_attributes=&#8221;link_option_url&#8221; header_font=&#8221;Rubik|700||on|||||&#8221; header_text_color=&#8221;#000000&#8243; header_font_size=&#8221;12px&#8221; header_letter_spacing=&#8221;3px&#8221; header_line_height=&#8221;1.5em&#8221; body_font=&#8221;Rubik||||||||&#8221; body_text_color=&#8221;#000000&#8243; body_font_size=&#8221;12px&#8221; body_letter_spacing=&#8221;1px&#8221; body_line_height=&#8221;2em&#8221; background_color=&#8221;#D6D6D6&#8243; background_layout=&#8221;dark&#8221; custom_margin=&#8221;||11px||false|false&#8221; custom_padding=&#8221;14px|20px|14px|20px|true|true&#8221; animation_style=&#8221;zoom&#8221; animation_intensity_zoom=&#8221;10%&#8221; link_option_url=&#8221;@ET-DC@eyJkeW5hbWljIjp0cnVlLCJjb250ZW50IjoicG9zdF9saW5rX3VybF9wYWdlIiwic2V0dGluZ3MiOnsicG9zdF9pZCI6IjE4NzAifX0=@&#8221; border_radii=&#8221;on|10px|10px|10px|10px&#8221; box_shadow_style=&#8221;preset2&#8243; locked=&#8221;off&#8221; global_colors_info=&#8221;{}&#8221;]<\/p>\n<p>Zasady pracy<\/p>\n<p>[\/et_pb_blurb][et_pb_blurb title=&#8221;godziny pracy specjalist\u00f3w&#8221; _builder_version=&#8221;4.18.0&#8243; _dynamic_attributes=&#8221;link_option_url&#8221; header_font=&#8221;Rubik|700||on|||||&#8221; header_text_color=&#8221;rgba(255,255,255,0.5)&#8221; header_font_size=&#8221;12px&#8221; header_letter_spacing=&#8221;3px&#8221; body_font=&#8221;Rubik||||||||&#8221; body_font_size=&#8221;12px&#8221; body_letter_spacing=&#8221;1px&#8221; body_line_height=&#8221;1.5em&#8221; background_color=&#8221;#0047E0&#8243; background_layout=&#8221;dark&#8221; custom_margin=&#8221;||10px|&#8221; custom_padding=&#8221;14px|20px|14px|20px|true|true&#8221; link_option_url=&#8221;@ET-DC@eyJkeW5hbWljIjp0cnVlLCJjb250ZW50IjoicG9zdF9saW5rX3VybF9wYWdlIiwic2V0dGluZ3MiOnsicG9zdF9pZCI6IjE4ODMifX0=@&#8221; border_radii=&#8221;on|10px|10px|10px|10px&#8221; box_shadow_style=&#8221;preset2&#8243; locked=&#8221;off&#8221; global_colors_info=&#8221;{}&#8221;]<\/p>\n<p>Harmonogram<\/p>\n<p>[\/et_pb_blurb][et_pb_blurb title=&#8221;dokumenty&#8221; _builder_version=&#8221;4.18.0&#8243; _dynamic_attributes=&#8221;link_option_url&#8221; header_font=&#8221;Rubik|700||on|||||&#8221; header_text_color=&#8221;#000000&#8243; header_font_size=&#8221;12px&#8221; header_letter_spacing=&#8221;3px&#8221; header_line_height=&#8221;1.5em&#8221; body_font=&#8221;Rubik||||||||&#8221; body_text_color=&#8221;#000000&#8243; body_font_size=&#8221;12px&#8221; body_letter_spacing=&#8221;1px&#8221; body_line_height=&#8221;2em&#8221; background_color=&#8221;#FFF347&#8243; background_layout=&#8221;dark&#8221; custom_margin=&#8221;||10px|&#8221; custom_padding=&#8221;14px|20px|14px|20px|true|true&#8221; animation_style=&#8221;zoom&#8221; animation_intensity_zoom=&#8221;10%&#8221; link_option_url=&#8221;@ET-DC@eyJkeW5hbWljIjp0cnVlLCJjb250ZW50IjoicG9zdF9saW5rX3VybF9wYWdlIiwic2V0dGluZ3MiOnsicG9zdF9pZCI6IjE5MDAifX0=@&#8221; border_radii=&#8221;on|10px|10px|10px|10px&#8221; box_shadow_style=&#8221;preset2&#8243; locked=&#8221;off&#8221; global_colors_info=&#8221;{}&#8221;]<\/p>\n<p>pliki do pobrania<\/p>\n<p>[\/et_pb_blurb][et_pb_blurb title=&#8221;zaj\u0119cia pozalekcyjne&#8221; _builder_version=&#8221;4.18.0&#8243; _dynamic_attributes=&#8221;link_option_url&#8221; header_font=&#8221;Rubik|700||on|||||&#8221; header_text_color=&#8221;#000000&#8243; header_font_size=&#8221;12px&#8221; header_letter_spacing=&#8221;3px&#8221; header_line_height=&#8221;1.5em&#8221; body_font=&#8221;Rubik||||||||&#8221; body_text_color=&#8221;#000000&#8243; body_font_size=&#8221;12px&#8221; body_letter_spacing=&#8221;1px&#8221; body_line_height=&#8221;2em&#8221; background_color=&#8221;#D6D6D6&#8243; background_layout=&#8221;dark&#8221; custom_margin=&#8221;||11px||false|false&#8221; custom_padding=&#8221;14px|20px|14px|20px|true|true&#8221; animation_style=&#8221;zoom&#8221; animation_intensity_zoom=&#8221;10%&#8221; link_option_url=&#8221;@ET-DC@eyJkeW5hbWljIjp0cnVlLCJjb250ZW50IjoicG9zdF9saW5rX3VybF9wYWdlIiwic2V0dGluZ3MiOnsicG9zdF9pZCI6IjE5MTcifX0=@&#8221; border_radii=&#8221;on|10px|10px|10px|10px&#8221; box_shadow_style=&#8221;preset2&#8243; locked=&#8221;off&#8221; global_colors_info=&#8221;{}&#8221;]<\/p>\n<p>Oferta dodatkowych zaj\u0119\u0107<\/p>\n<p>[\/et_pb_blurb][et_pb_blurb title=&#8221;informacje dla rodzic\u00f3w&#8221; _builder_version=&#8221;4.18.0&#8243; _dynamic_attributes=&#8221;link_option_url&#8221; header_font=&#8221;Rubik|700||on|||||&#8221; header_text_color=&#8221;rgba(255,255,255,0.5)&#8221; header_font_size=&#8221;12px&#8221; header_letter_spacing=&#8221;3px&#8221; body_font=&#8221;Rubik||||||||&#8221; body_font_size=&#8221;12px&#8221; body_letter_spacing=&#8221;1px&#8221; body_line_height=&#8221;1.5em&#8221; background_color=&#8221;#0047E0&#8243; background_layout=&#8221;dark&#8221; custom_margin=&#8221;||10px|&#8221; custom_padding=&#8221;14px|20px|14px|20px|true|true&#8221; link_option_url=&#8221;@ET-DC@eyJkeW5hbWljIjp0cnVlLCJjb250ZW50IjoicG9zdF9saW5rX3VybF9wYWdlIiwic2V0dGluZ3MiOnsicG9zdF9pZCI6IjE5MzUifX0=@&#8221; border_radii=&#8221;on|10px|10px|10px|10px&#8221; box_shadow_style=&#8221;preset2&#8243; locked=&#8221;off&#8221; global_colors_info=&#8221;{}&#8221;]<\/p>\n<p>Organizacja pracy szko\u0142y<\/p>\n<p>[\/et_pb_blurb][et_pb_blurb title=&#8221;samorz\u0105d uczniowski&#8221; _builder_version=&#8221;4.18.0&#8243; _dynamic_attributes=&#8221;link_option_url&#8221; header_font=&#8221;Rubik|700||on|||||&#8221; header_text_color=&#8221;#000000&#8243; header_font_size=&#8221;12px&#8221; header_letter_spacing=&#8221;3px&#8221; header_line_height=&#8221;1.5em&#8221; body_font=&#8221;Rubik||||||||&#8221; body_text_color=&#8221;#000000&#8243; body_font_size=&#8221;12px&#8221; body_letter_spacing=&#8221;1px&#8221; body_line_height=&#8221;2em&#8221; background_color=&#8221;#FFF347&#8243; background_layout=&#8221;dark&#8221; custom_margin=&#8221;||10px|&#8221; custom_padding=&#8221;14px|20px|14px|20px|true|true&#8221; animation_style=&#8221;zoom&#8221; animation_intensity_zoom=&#8221;10%&#8221; link_option_url=&#8221;@ET-DC@eyJkeW5hbWljIjp0cnVlLCJjb250ZW50IjoicG9zdF9saW5rX3VybF9wYWdlIiwic2V0dGluZ3MiOnsicG9zdF9pZCI6IjE5NTQifX0=@&#8221; border_radii=&#8221;on|10px|10px|10px|10px&#8221; box_shadow_style=&#8221;preset2&#8243; locked=&#8221;off&#8221; global_colors_info=&#8221;{}&#8221;]<\/p>\n<p>sk\u0142ad, zadania, projekty<\/p>\n<p>[\/et_pb_blurb][et_pb_blurb title=&#8221;rada rodzic\u00f3w&#8221; _builder_version=&#8221;4.18.0&#8243; _dynamic_attributes=&#8221;link_option_url&#8221; header_font=&#8221;Rubik|700||on|||||&#8221; header_text_color=&#8221;#000000&#8243; header_font_size=&#8221;12px&#8221; header_letter_spacing=&#8221;3px&#8221; header_line_height=&#8221;1.5em&#8221; body_font=&#8221;Rubik||||||||&#8221; body_text_color=&#8221;#000000&#8243; body_font_size=&#8221;12px&#8221; body_letter_spacing=&#8221;1px&#8221; body_line_height=&#8221;2em&#8221; background_color=&#8221;#D6D6D6&#8243; background_layout=&#8221;dark&#8221; custom_margin=&#8221;||11px||false|false&#8221; custom_padding=&#8221;14px|20px|14px|20px|true|true&#8221; animation_style=&#8221;zoom&#8221; animation_intensity_zoom=&#8221;10%&#8221; link_option_url=&#8221;@ET-DC@eyJkeW5hbWljIjp0cnVlLCJjb250ZW50IjoicG9zdF9saW5rX3VybF9wYWdlIiwic2V0dGluZ3MiOnsicG9zdF9pZCI6IjE5NzUifX0=@&#8221; border_radii=&#8221;on|10px|10px|10px|10px&#8221; box_shadow_style=&#8221;preset2&#8243; locked=&#8221;off&#8221; global_colors_info=&#8221;{}&#8221;]<\/p>\n<p>numer konta bankowego, sk\u0142ad, rozliczenia<\/p>\n<p>[\/et_pb_blurb][et_pb_blurb title=&#8221;jad\u0142ospis&#8221; _builder_version=&#8221;4.18.0&#8243; _dynamic_attributes=&#8221;link_option_url&#8221; header_font=&#8221;Rubik|700||on|||||&#8221; header_text_color=&#8221;rgba(255,255,255,0.5)&#8221; header_font_size=&#8221;12px&#8221; header_letter_spacing=&#8221;3px&#8221; body_font=&#8221;Rubik||||||||&#8221; body_font_size=&#8221;12px&#8221; body_letter_spacing=&#8221;1px&#8221; body_line_height=&#8221;1.5em&#8221; background_color=&#8221;#0047E0&#8243; background_layout=&#8221;dark&#8221; custom_margin=&#8221;||10px|&#8221; custom_padding=&#8221;14px|20px|14px|20px|true|true&#8221; link_option_url=&#8221;@ET-DC@eyJkeW5hbWljIjp0cnVlLCJjb250ZW50IjoicG9zdF9saW5rX3VybF9wYWdlIiwic2V0dGluZ3MiOnsicG9zdF9pZCI6IjQ2OCJ9fQ==@&#8221; border_radii=&#8221;on|10px|10px|10px|10px&#8221; box_shadow_style=&#8221;preset2&#8243; locked=&#8221;off&#8221; global_colors_info=&#8221;{}&#8221;][\/et_pb_blurb][et_pb_blurb title=&#8221;Projekty&#8221; _builder_version=&#8221;4.18.0&#8243; header_font=&#8221;Rubik|700||on|||||&#8221; header_text_color=&#8221;#000000&#8243; header_font_size=&#8221;12px&#8221; header_letter_spacing=&#8221;3px&#8221; header_line_height=&#8221;1.5em&#8221; body_font=&#8221;Rubik||||||||&#8221; body_text_color=&#8221;#000000&#8243; body_font_size=&#8221;12px&#8221; body_letter_spacing=&#8221;1px&#8221; body_line_height=&#8221;2em&#8221; background_color=&#8221;#FFF347&#8243; background_layout=&#8221;dark&#8221; custom_margin=&#8221;||10px|&#8221; custom_padding=&#8221;14px|20px|14px|20px|true|true&#8221; animation_style=&#8221;zoom&#8221; animation_intensity_zoom=&#8221;10%&#8221; link_option_url=&#8221;http:\/\/zsp5.zory.pl\/?page_id=2047&#8243; border_radii=&#8221;on|10px|10px|10px|10px&#8221; box_shadow_style=&#8221;preset2&#8243; locked=&#8221;off&#8221; global_colors_info=&#8221;{}&#8221;][\/et_pb_blurb][\/et_pb_column][et_pb_column type=&#8221;1_2&#8243; specialty_columns=&#8221;2&#8243; _builder_version=&#8221;4.16&#8243; custom_padding=&#8221;|||&#8221; global_colors_info=&#8221;{}&#8221; custom_padding__hover=&#8221;|||&#8221;][et_pb_row_inner _builder_version=&#8221;4.18.0&#8243; _module_preset=&#8221;default&#8221; global_colors_info=&#8221;{}&#8221;][et_pb_column_inner saved_specialty_column_type=&#8221;1_2&#8243; _builder_version=&#8221;4.18.0&#8243; _module_preset=&#8221;default&#8221; global_colors_info=&#8221;{}&#8221;][et_pb_text _builder_version=&#8221;4.18.0&#8243; _module_preset=&#8221;default&#8221; global_colors_info=&#8221;{}&#8221;]<\/p>\n<p class=\"western\" style=\"text-align: justify;\">Zesp\u00f3\u0142 Szkolno \u2013 Przedszkolny nr 5 w mie\u015bci si\u0119 w budynku przy ul. Stra\u017cackiej 6<\/p>\n<p class=\"western\" style=\"text-align: justify;\">w <span lang=\"en-US\"> Baranowicach \u2013 obecnie dzielnicy \u017bor, a do 2000 roku wsi, le\u017c\u0105cej na obrze\u017cach \u017bor przy trasie szybkiego ruchu \u0142\u0105cz\u0105cej Wis\u0142\u0119 z Katowicami<\/span>. Plac\u00f3wka mie\u015bci si\u0119 w zachodniej cz\u0119\u015bci dzielnicy, tworz\u0105c wraz ko\u015bcio\u0142em i sklepami swoiste centrum miejscowo\u015bci.<\/p>\n<ul style=\"text-align: justify;\">\n<li value=\"1\">\n<p class=\"western\">Szko\u0142a<\/p>\n<\/li>\n<\/ul>\n<p class=\"western\" style=\"text-align: justify;\">Trudno ustali\u0107, jakie by\u0142y pocz\u0105tki szko\u0142y w Baranowicach, poniewa\u017c brakuje dokument\u00f3w potwierdzaj\u0105cych dat\u0119 za\u0142o\u017cenia szko\u0142y powszechnej. Zygmunt Orlik w Szkicach z dziej\u00f3w wsi Baranowice ko\u0142o \u017bor, powo\u0142uj\u0105c si\u0119 mi\u0119dzy innymi na zapiski w Kronice Gminy Baranowice i Osiny, powiat Rybnik, regencja Opole z 1865, kt\u00f3rej istnienie zapocz\u0105tkowa\u0142 nauczyciel szko\u0142y &#8211; Cie\u015blik, stwierdza, \u017ce regularna nauka dzieci baranowickich (w ich wiosce) rozpocz\u0119\u0142a si\u0119 po roku 1765. Szko\u0142a taka niechybnie istnia\u0142a w 1801, kiedy to edyktem z 18 maja precyzyjnie rozstrzygni\u0119to kwesti\u0119 materialnego zabezpieczenia elementarnych szk\u00f3\u0142 pa\u0144stwowych. ( \u2026) Polskie statystyki okresu mi\u0119dzywojennego podaj\u0105, \u017ce budynek szkolny powsta\u0142 w roku 1803. Istnienie tego budynku potwierdzaj\u0105 r\u00f3wnie\u017c pruskie tabele statystyczne z 1819 r. Budynek starej szko\u0142y powsta\u0142 wsp\u00f3lnym wysi\u0142kiem dominium oraz mieszka\u0144c\u00f3w Baranowic i Osin. (\u2026)Po pi\u0119\u0107dziesi\u0119ciu latach ten pierwszy budynek szko\u0142y by\u0142 ju\u017c w niezmiernie fatalnym stanie. W obawie, \u017ce zwali si\u0119 dzieciom na g\u0142owy przestano w nim uczy\u0107. Wtedy to nauk\u0119 przeniesiono do jednego z wielce n\u0119dznych pomieszcze\u0144 baranowickiej browaro-gorzelni. Przeprowadzka nast\u0105pi\u0142a w 1855 roku. (\u2026 ) Dopiero w 1858 roku rozwalono reszt\u0119 zrujnowanego budynku szkolnego i w tym samym miejscu zacz\u0119to wznosi\u0107 nowy obiekt. ( \u2026 ) O solidno\u015bci nowego budynku niech \u015bwiadczy fakt, \u017ce s\u0142u\u017cy\u0142 on dziatwie przez prawie nast\u0119pne 100 lat. Dotychczasowy budynek stawa\u0142 si\u0119 z up\u0142ywem lat zbyt ciasny. Z tego wzgl\u0119du z dniem 3 IX 1951 przeniesiono si\u0119 do pomieszcze\u0144 zamkowych. \u201eZamek\u201d, wybudowany w po\u0142owie XIX wieku przez Duranta, nie\u017ale spe\u0142nia\u0142 funkcje rezydencji ziemia\u0144skiej, ale nie nadawa\u0142 si\u0119 na d\u0142u\u017csz\u0105 met\u0119 do cel\u00f3w szkolnych. W 1986 roku wytyczono miejsce pod nowy obiekt. W 1987r. uzbrojono teren, a budow\u0119 uko\u0144czono w grudniu 1989. Przewodnicz\u0105cym Spo\u0142ecznego Komitetu Budowy by\u0142 J\u00f3zef Pawlas. Budowa wymaga\u0142a wielu zabieg\u00f3w i du\u017cego wk\u0142adu pracy mieszka\u0144c\u00f3w. Uroczystego po\u015bwi\u0119cenia nowej szko\u0142y dokona\u0142 1.stycznia 1990 roku ks. bp Alojzy Orszulik, baranowiczanin. W nowym budynku Zespo\u0142u Szk\u00f3\u0142 nr 3 w \u017borach znalaz\u0142o si\u0119 miejsce dla uczni\u00f3w szko\u0142y podstawowej oraz m\u0142odzie\u017cy z Rolniczej Szko\u0142y Zawodowej. Kilka lat p\u00f3\u017aniej w miejsce szko\u0142y zawodowej stworzono najpierw Liceum Rolnicze, a p\u00f3\u017aniej III Liceum Profilowane, kt\u00f3re wkr\u00f3tce zlikwidowano. Ostatni\u0105 matur\u0119 przeprowadzono tu w 2007 r.<\/p>\n<ul style=\"text-align: justify;\">\n<li>\n<p class=\"western\">Przedszkole<\/p>\n<\/li>\n<\/ul>\n<p class=\"western\" style=\"text-align: justify;\">Pocz\u0105tki baranowickiego przedszkola si\u0119gaj\u0105 1977 r. i zwi\u0105zane s\u0105 z budynkiem przy ul. Dworcowej. W czerwcu 1988 r. po\u017cegnano si\u0119 ze star\u0105 siedzib\u0105 przedszkola, kt\u00f3ra wcze\u015bniej s\u0142u\u017cy\u0142a uczniom gimnazjum, a p\u00f3\u017aniej wychowankom internatu. Nowy rok szkolny 1988 \/1989 planowano rozpocz\u0105\u0107 w wyremontowanym budynku by\u0142ej agronom\u00f3wki przy ul. M. Fornalskiej \u2013 dzi\u015b Pukowca. Niestety, prace remontowe przed\u0142u\u017cy\u0142y si\u0119. Oficjalne otwarcie przedszkola w Baranowicach odby\u0142o 16. lutego1989 r.<\/p>\n<ul style=\"text-align: justify;\">\n<li>\n<p class=\"western\">ZSP nr 5 w \u017borach<\/p>\n<\/li>\n<\/ul>\n<p class=\"western\" style=\"text-align: justify;\">Szko\u0142a i przedszkole to jednostki z d\u0142ugoletnimi tradycjami. Przez wiele lat stanowi\u0142y odr\u0119bne organizmy \u2013 Przedszkole nr 12 w \u017borach oraz Szko\u0142a Podstawowa nr 5 w \u017borach. Do ich po\u0142\u0105czenia dosz\u0142o we wrze\u015bniu 2007 roku. Od tamtej pory funkcjonuj\u0105 jako zesp\u00f3\u0142, a niekt\u00f3rzy uczniowie sp\u0119dzaj\u0105 w murach ZSP nr 5 nawet 12 lat. Pocz\u0105tkowo szko\u0142a i przedszkole mie\u015bci\u0142y si\u0119 w osobnych budynkach: szko\u0142a przy ul. Stra\u017cackiej, przedszkole przy ul. Pukowca. Poniewa\u017c budynek przedszkola nie spe\u0142nia\u0142 wymaga\u0144 bhp stawianych plac\u00f3wkom o\u015bwiatowym, by\u0142o w nim za ma\u0142o pomieszcze\u0144, dzieci i nauczyciele musieli korzysta\u0107 z sal szkolnych, gdy\u017c zdarza\u0142o si\u0119, \u017ce w pomieszczeniach przedszkolnych unosi\u0142 si\u0119 dym, postanowiono o adaptacji cz\u0119\u015bci budynku szkolnego na potrzeby przedszkolak\u00f3w oraz kuchni i dobudowie klatki schodowej z wind\u0105, a tak\u017ce kilku pomieszcze\u0144 gospodarczych oraz bibliotecznych \u2013 w tym czasie w budynku mie\u015bci\u0142a si\u0119 r\u00f3wnie\u017c Filia nr 2 Miejskiej Biblioteki Publicznej w \u017borach. 1.09.2009 r. nast\u0105pi\u0142o oficjalne otwarcie cz\u0119\u015bci przedszkolnej z udzia\u0142em w\u0142adz miasta oraz lokalnych instytucji. Przez pierwsze tygodnie wrze\u015bnia borykano si\u0119 jeszcze z wieloma problemami, m. in. nie funkcjonowa\u0142a kuchnia oraz sto\u0142\u00f3wka i konieczne by\u0142o korzystanie z cateringu.<\/p>\n<p class=\"western\" style=\"text-align: justify;\">W roku 2017 przeprowadzono kolejn\u0105 zmian\u0119 w systemie o\u015bwiaty. Uczniowie, kt\u00f3rzy w roku szkolnym 2016\/2017 uko\u0144czyli VI klas\u0119, nie poszli we wrze\u015bniu do gimnazjum, lecz pozostali w szkole w klasie VII.\u00a0W budynku ponownie zacz\u0119\u0142o si\u0119 robi\u0107 ciasno. Przywr\u00f3cenie klasy 7 i 8 w szko\u0142ach podstawowych, ci\u0105g\u0142e rozrastanie si\u0119 dzielnicy i wzrost liczby jej mieszka\u0144c\u00f3w, brak pomieszczenia \u015bwietlicowego, spowodowa\u0142y, \u017ce po raz kolejny podj\u0119to decyzj\u0119 o rozbudowie ZSP nr 5 w \u017borach. Pomys\u0142y by\u0142y r\u00f3\u017cne (np. wielkie pomieszczenie biblioteczne po\u0142\u0105czone ze \u015bwietlic\u0105). Stworzono pion obejmuj\u0105cy pomieszczenie \u015bwietlicy oraz po 2 sale lekcyjne na ka\u017cdej kondygnacji. Ponownie dokonano adaptacji pomieszcze\u0144 szkolnych. Dotychczasowa kot\u0142ownia w\u0119glowa zosta\u0142a zlikwidowana, pod\u0142\u0105czono piece gazowe i przygotowano pomieszczenia lekcyjne na parterze obok portierni.<\/p>\n<p class=\"western\" style=\"text-align: justify;\">W tym samym czasie w latach 2017-2018 dokonano termomodernizacji budynku. Wymieniono okna, ocieplono i pomalowano budynek. Filia nr 2 Miejskiej Biblioteki Publicznej w \u017borach nie zajmowa\u0142a ju\u017c dw\u00f3ch pomieszcze\u0144 na parterze w cz\u0119\u015bci przedszkolnej, a tylko jedno i ostatecznie w roku 2020 zosta\u0142a zlikwidowana.<\/p>\n<p class=\"western\" style=\"text-align: justify;\">W przedszkolu liczba dzieci wzros\u0142a z oko\u0142o 55 w 2007 r. do 125, a po wybuchu wojny w Ukrainie do 130. Szko\u0142a r\u00f3wnie\u017c kszta\u0142ci wi\u0119cej uczni\u00f3w \u2013 od kilku lat tworzone s\u0105 po dwie klasy z ka\u017cdego rocznika. Przybyli do nas uczniowie z Ukrainy. Wkr\u00f3tce, bo ju\u017c w roku szkolnym 2024\/2025, zniknie pusty rocznik, kt\u00f3ry powsta\u0142 w zwi\u0105zku ze zmianami przepis\u00f3w prawa, kiedy dzieci sze\u015bcioletnie mog\u0142y pozosta\u0107 w przedszkolu. W ten spos\u00f3b nie utworzono w\u00f3wczas klasy pierwszej.<\/p>\n<p class=\"western\" style=\"text-align: justify;\">W ZSP nr 5 zn\u00f3w zrobi si\u0119 ciasno. Ju\u017c istniej\u0105 pomys\u0142y dobudowy sal lekcyjnych.<\/p>\n<p>[\/et_pb_text][\/et_pb_column_inner][\/et_pb_row_inner][et_pb_row_inner _builder_version=&#8221;4.18.0&#8243; _module_preset=&#8221;default&#8221; global_colors_info=&#8221;{}&#8221;][et_pb_column_inner saved_specialty_column_type=&#8221;1_2&#8243; _builder_version=&#8221;4.18.0&#8243; _module_preset=&#8221;default&#8221; global_colors_info=&#8221;{}&#8221;][et_pb_cta title=&#8221;BARANOWICE&#8221; button_url=&#8221;https:\/\/pl.wikipedia.org\/wiki\/Baranowice_(%C5%BBory)&#8221; button_text=&#8221;WIKIPEDIA&#8221; _builder_version=&#8221;4.18.0&#8243; _module_preset=&#8221;default&#8221; header_level=&#8221;h4&#8243; header_font=&#8221;Rubik||||||||&#8221; header_font_size=&#8221;23px&#8221; header_letter_spacing=&#8221;1px&#8221; background_color=&#8221;#0047E0&#8243; global_colors_info=&#8221;{}&#8221;]<\/p>\n<p style=\"text-align: justify;\">Zanim w wyniku<span>\u00a0<\/span><a href=\"https:\/\/pl.wikipedia.org\/wiki\/Urbanizacja\" title=\"Urbanizacja\">proces\u00f3w urbanizacyjnych<\/a><span>\u00a0<\/span>Baranowice sta\u0142 si\u0119 obecn\u0105 dzielnic\u0105 miasta \u017bory by\u0142 osobn\u0105 wsi\u0105 notowan\u0105 pod<span>\u00a0<\/span><a href=\"https:\/\/pl.wikipedia.org\/wiki\/Germanizacja\" title=\"Germanizacja\">zgermanizowan\u0105<\/a><span>\u00a0<\/span>nazw\u0105 \u2013<span>\u00a0<\/span><i>Baranowitz<\/i><sup id=\"cite_ref-CITEREFFelix_Triest1865798_1-0\" class=\"reference\"><a href=\"https:\/\/pl.wikipedia.org\/wiki\/Baranowice_(%C5%BBory)#cite_note-CITEREFFelix_Triest1865798-1\">[1]<\/a><\/sup>. W po\u0142owie XIX wieku we wsi dominowa\u0142a ludno\u015b\u0107 polska. Topograficzny opis G\u00f3rnego \u015al\u0105ska z 1865 roku notuje stosunki ludno\u015bciowe na jej terenie \u2013<span>\u00a0<\/span><i>&#8222;Es befinden sich in Baranowitz in 70 Haushaltungen 360 polnisch Sprechende (&#8230;).&#8221;<\/i><span>\u00a0<\/span>czyli w t\u0142umaczeniu na j\u0119zyk polski<span>\u00a0<\/span><i>&#8222;W Baranowicach znajduje si\u0119 70 gospodarstw domowych z 360 mieszka\u0144cami m\u00f3wi\u0105cymi po polsku (&#8230;)&#8221;<\/i><sup id=\"cite_ref-CITEREFFelix_Triest1865798_1-1\" class=\"reference\"><a href=\"https:\/\/pl.wikipedia.org\/wiki\/Baranowice_(%C5%BBory)#cite_note-CITEREFFelix_Triest1865798-1\">[1]<\/a><\/sup>. \u0179r\u00f3d\u0142o opisuje r\u00f3wnie\u017c s\u0105siednie folwarki:<span>\u00a0<\/span><i>Neuhof<\/i><span>\u00a0<\/span>oraz<span>\u00a0<\/span><i>Szoszow<\/i><span>\u00a0<\/span>\u2013<span>\u00a0<\/span><i>&#8222;Neuhof (&#8230;) 16 Haushaltungen und 97 polnisch Sprechenden, und das Vorwerk (&#8230;) Szoszow, mit 33 Haushaltungen und 179 polnisch Sprechenden&#8221;<\/i><span>\u00a0<\/span>w polskim t\u0142umaczeniu<span>\u00a0<\/span><i>&#8222;Neuhof 16 gospodarstw domowych i 97 mieszka\u0144c\u00f3w m\u00f3wi\u0105cych po polsku, oraz folwark (&#8230;) Szoszow z 70 gospodarstwami domowymi ze 179 mieszka\u0144cami m\u00f3wi\u0105cymi po polsku&#8221;<\/i><sup id=\"cite_ref-CITEREFFelix_Triest1865798_1-2\" class=\"reference\"><a href=\"https:\/\/pl.wikipedia.org\/wiki\/Baranowice_(%C5%BBory)#cite_note-CITEREFFelix_Triest1865798-1\">[1]<\/a><\/sup><\/p>\n<p style=\"text-align: justify;\">Do 1945, a nast\u0119pnie w latach 1973-1975 stanowi\u0142a odr\u0119bn\u0105<span>\u00a0<\/span><a href=\"https:\/\/pl.wikipedia.org\/wiki\/Baranowice_(gmina)\" title=\"Baranowice (gmina)\">gmin\u0119 wiejsk\u0105<\/a>.<span>\u00a0<\/span><a href=\"https:\/\/pl.wikipedia.org\/wiki\/27_maja\" title=\"27 maja\">27 maja<\/a><span>\u00a0<\/span><a href=\"https:\/\/pl.wikipedia.org\/wiki\/1975\" title=\"1975\">1975<\/a><span>\u00a0<\/span>zosta\u0142a w\u0142\u0105czona do<span>\u00a0<\/span><a href=\"https:\/\/pl.wikipedia.org\/wiki\/%C5%BBory\" title=\"\u017bory\">\u017bor<\/a><span>\u00a0<\/span>jako so\u0142ectwo. Na terenie dzielnicy znajduj\u0105 si\u0119 same domy wolno stoj\u0105ce oraz tylko jeden<span>\u00a0<\/span><a href=\"https:\/\/pl.wikipedia.org\/wiki\/Blok_mieszkalny\" title=\"Blok mieszkalny\">blok<\/a>. Baranowice o powierzchni 1291 ha s\u0105 najwi\u0119ksz\u0105 z wszystkich dzielnic.<\/p>\n<p>[\/et_pb_cta][\/et_pb_column_inner][\/et_pb_row_inner][\/et_pb_column][et_pb_column type=&#8221;1_4&#8243; _builder_version=&#8221;4.16&#8243; custom_padding=&#8221;|||&#8221; global_colors_info=&#8221;{}&#8221; custom_padding__hover=&#8221;|||&#8221;][et_pb_social_media_follow admin_label=&#8221;Social Media Follow&#8221; _builder_version=&#8221;4.22.2&#8243; border_radii=&#8221;on|34px|34px|34px|34px&#8221; locked=&#8221;off&#8221; global_colors_info=&#8221;{}&#8221;][et_pb_social_media_follow_network social_network=&#8221;facebook&#8221; url=&#8221;https:\/\/www.facebook.com\/profile.php?id=100085906780262&#8243; _builder_version=&#8221;4.18.0&#8243; background_color=&#8221;#3b5998&#8243; custom_padding=&#8221;6px|6px|6px|6px|true|true&#8221; border_radii=&#8221;on|10px|10px|10px|10px&#8221; global_colors_info=&#8221;{}&#8221; follow_button=&#8221;off&#8221; url_new_window=&#8221;on&#8221;]facebook[\/et_pb_social_media_follow_network][\/et_pb_social_media_follow][\/et_pb_column][\/et_pb_section]<\/p>\n","protected":false},"excerpt":{"rendered":"<p>Historia Zespo\u0142u Szkolno-Przedszkolnego nr 5Informacje, wydarzenia, zaproszeniaKadra pedagogiczna naszej szko\u0142y2025 \/ 2026Zasady pracyChcesz pom\u00f3c? ZapraszamyJeste\u015bmy dumni z naszych uczni\u00f3wZasady pracyHarmonogrampliki do pobraniaOferta dodatkowych zaj\u0119\u0107Organizacja pracy szko\u0142ysk\u0142ad, zadania, projektynumer konta bankowego, sk\u0142ad, rozliczeniaZesp\u00f3\u0142 Szkolno \u2013 Przedszkolny nr 5 w mie\u015bci si\u0119 w budynku przy ul. Stra\u017cackiej 6 w Baranowicach \u2013 obecnie dzielnicy \u017bor, a do 2000 [&hellip;]<\/p>\n","protected":false},"author":2,"featured_media":0,"parent":0,"menu_order":0,"comment_status":"closed","ping_status":"closed","template":"","meta":{"_et_pb_use_builder":"on","_et_pb_old_content":"","_et_gb_content_width":"","_mc_calendar":[],"footnotes":""},"class_list":["post-1804","page","type-page","status-publish","hentry"],"_links":{"self":[{"href":"https:\/\/zsp5.zory.pl\/index.php?rest_route=\/wp\/v2\/pages\/1804","targetHints":{"allow":["GET"]}}],"collection":[{"href":"https:\/\/zsp5.zory.pl\/index.php?rest_route=\/wp\/v2\/pages"}],"about":[{"href":"https:\/\/zsp5.zory.pl\/index.php?rest_route=\/wp\/v2\/types\/page"}],"author":[{"embeddable":true,"href":"https:\/\/zsp5.zory.pl\/index.php?rest_route=\/wp\/v2\/users\/2"}],"replies":[{"embeddable":true,"href":"https:\/\/zsp5.zory.pl\/index.php?rest_route=%2Fwp%2Fv2%2Fcomments&post=1804"}],"version-history":[{"count":24,"href":"https:\/\/zsp5.zory.pl\/index.php?rest_route=\/wp\/v2\/pages\/1804\/revisions"}],"predecessor-version":[{"id":1086713,"href":"https:\/\/zsp5.zory.pl\/index.php?rest_route=\/wp\/v2\/pages\/1804\/revisions\/1086713"}],"wp:attachment":[{"href":"https:\/\/zsp5.zory.pl\/index.php?rest_route=%2Fwp%2Fv2%2Fmedia&parent=1804"}],"curies":[{"name":"wp","href":"https:\/\/api.w.org\/{rel}","templated":true}]}}