{"id":1086703,"date":"2025-10-27T12:17:06","date_gmt":"2025-10-27T11:17:06","guid":{"rendered":"https:\/\/zsp5.zory.pl\/?page_id=1086703"},"modified":"2025-10-27T12:17:06","modified_gmt":"2025-10-27T11:17:06","slug":"kalendarz-roku-szkolnego-2","status":"publish","type":"page","link":"https:\/\/zsp5.zory.pl\/?page_id=1086703","title":{"rendered":"Kalendarz Roku Szkolnego"},"content":{"rendered":"<p style=\"text-align: center;\"><strong>Przedszkole nr 12<\/strong><\/p>\n<table width=\"623\">\n<tbody>\n<tr>\n<td colspan=\"2\" width=\"623\">\n<p style=\"text-align: center;\"><strong>KALENDARZ ROKU SZKOLNEGO<\/strong><\/p>\n<\/td>\n<\/tr>\n<tr>\n<td width=\"340\"><strong>Dzia\u0142anie<\/strong><\/td>\n<td width=\"284\"><strong>Termin<\/strong><\/td>\n<\/tr>\n<tr>\n<td width=\"340\">Dzie\u0144 adaptacyjny<\/td>\n<td width=\"284\">27.08.2025<\/p>\n<p>11.00-12.00<\/td>\n<\/tr>\n<tr>\n<td width=\"340\">Podsumowanie obserwacji wst\u0119pnej<\/td>\n<td width=\"284\">23.10.2025<\/td>\n<\/tr>\n<tr>\n<td width=\"340\">Dzie\u0144 otwarty przedszkola<\/td>\n<td width=\"284\">06.02.2026<\/td>\n<\/tr>\n<tr>\n<td width=\"340\">Diagnoza szkolna<\/td>\n<td width=\"284\">16.04.2025<\/td>\n<\/tr>\n<tr>\n<td width=\"340\">Podsumowanie obserwacji\u00a0 ko\u0144cowej<\/td>\n<td width=\"284\">17.06.2025<\/td>\n<\/tr>\n<tr>\n<td width=\"340\">Zako\u0144czenie roku szkolnego dzieci 6-letnich<\/td>\n<td width=\"284\">24.06.2026, godz.16.00<\/td>\n<\/tr>\n<\/tbody>\n<\/table>\n<p>&nbsp;<\/p>\n<table width=\"604\">\n<tbody>\n<tr>\n<td colspan=\"2\" width=\"604\"><strong>Spotkania z rodzicami<\/strong><\/td>\n<\/tr>\n<tr>\n<td width=\"340\">Spotkanie z rodzicami dzieci przedszkolnych<\/td>\n<td width=\"265\">29.08.2025 godz.16.00 gr A, B, C 29.08.2025 godz.17.00 gr D i E<\/td>\n<\/tr>\n<tr>\n<td width=\"340\">Spotkanie z rodzicami dzieci przedszkolnych<\/td>\n<td width=\"265\">27.10.2025 gr A, B, C, D, E godz.15.30-16.30<\/td>\n<\/tr>\n<tr>\n<td width=\"340\">Spotkanie z rodzicami dzieci id\u0105cych do I klasy<\/td>\n<td width=\"265\">27.04.2026 godz.16.00<\/td>\n<\/tr>\n<tr>\n<td width=\"340\">Spotkanie z rodzicami dzieci przedszkolnych<\/td>\n<td width=\"265\">22.06.2026 godz.16.00 gr C, D<\/p>\n<p>22.06.2026 godz.16.30 gr A, B<\/td>\n<\/tr>\n<\/tbody>\n<\/table>\n<p>&nbsp;<\/p>\n<table width=\"604\">\n<tbody>\n<tr>\n<td colspan=\"2\" width=\"604\"><strong>Imprezy zaplanowane<\/strong><\/td>\n<\/tr>\n<tr>\n<td><strong>Dzia\u0142anie\u00a0<\/strong><\/td>\n<td width=\"340\"><strong>Termin<\/strong><\/td>\n<\/tr>\n<tr>\n<td>Narodowe Czytanie<\/td>\n<td width=\"340\">08.09.2025<\/td>\n<\/tr>\n<tr>\n<td>Dzie\u0144 Przedszkolaka<\/td>\n<td width=\"340\">19.09.2025<\/td>\n<\/tr>\n<tr>\n<td>Dzie\u0144 Edukacji Narodowej<\/td>\n<td width=\"340\">14.10.2025<\/td>\n<\/tr>\n<tr>\n<td>Przedszkole do hymnu<\/td>\n<td width=\"340\">12.11.2025<\/td>\n<\/tr>\n<tr>\n<td>Jesienne warsztaty dla\u00a0 rodzic\u00f3w<\/td>\n<td width=\"340\">X\/XI<\/td>\n<\/tr>\n<tr>\n<td>Dzie\u0144 G\u00f3rnika<\/td>\n<td width=\"340\">04.12.2025<\/td>\n<\/tr>\n<tr>\n<td>Przedszkolne Miko\u0142ajki<\/td>\n<td width=\"340\">5.12.2025<\/td>\n<\/tr>\n<tr>\n<td>Kiermasz ozd\u00f3b<\/p>\n<p>\u015bwi\u0105tecznych<\/td>\n<td width=\"340\">XI \/ XII<\/td>\n<\/tr>\n<tr>\n<td>Wigilijki grupowe<\/td>\n<td width=\"340\">19.12.2025<\/td>\n<\/tr>\n<tr>\n<td>\u017byczenia dla Babci i<\/p>\n<p>Dziadka<\/td>\n<td width=\"340\">21.01.2026<\/td>\n<\/tr>\n<tr>\n<td>Bal karnawa\u0142owy<\/td>\n<td width=\"340\">30.01.2026<\/td>\n<\/tr>\n<tr>\n<td>Dzie\u0144 Otwarty Przedszkola<\/td>\n<td width=\"340\">06.02.2026<\/td>\n<\/tr>\n<tr>\n<td>Dzie\u0144 Otwarty Szko\u0142y<\/td>\n<td width=\"340\">06.03.2026<\/td>\n<\/tr>\n<\/tbody>\n<\/table>\n<p>&nbsp;<\/p>\n<table width=\"603\">\n<tbody>\n<tr>\n<td width=\"264\">Kiermasz wiosenny \u2013<\/p>\n<p>warsztaty dla rodzic\u00f3w<\/td>\n<td width=\"340\">16.03-27.03.2026<\/td>\n<\/tr>\n<tr>\n<td width=\"264\">Dzie\u0144 Dziecka<\/td>\n<td width=\"340\">1.06.2026<\/td>\n<\/tr>\n<tr>\n<td width=\"264\">Festyn Rodzinny<\/td>\n<td width=\"340\">12.06.2026<\/td>\n<\/tr>\n<tr>\n<td width=\"264\">Zako\u0144czenie roku szkolnego przedszkola<\/td>\n<td width=\"340\">24.06.2026<\/td>\n<\/tr>\n<\/tbody>\n<\/table>\n<p>&nbsp;<\/p>\n","protected":false},"excerpt":{"rendered":"<p>Przedszkole nr 12 KALENDARZ ROKU SZKOLNEGO Dzia\u0142anie Termin Dzie\u0144 adaptacyjny 27.08.2025 11.00-12.00 Podsumowanie obserwacji wst\u0119pnej 23.10.2025 Dzie\u0144 otwarty przedszkola 06.02.2026 Diagnoza szkolna 16.04.2025 Podsumowanie obserwacji\u00a0 ko\u0144cowej 17.06.2025 Zako\u0144czenie roku szkolnego dzieci 6-letnich 24.06.2026, godz.16.00 &nbsp; Spotkania z rodzicami Spotkanie z rodzicami dzieci przedszkolnych 29.08.2025 godz.16.00 gr A, B, C 29.08.2025 godz.17.00 gr D i E [&hellip;]<\/p>\n","protected":false},"author":16,"featured_media":0,"parent":0,"menu_order":0,"comment_status":"closed","ping_status":"closed","template":"","meta":{"_et_pb_use_builder":"","_et_pb_old_content":"","_et_gb_content_width":"","_mc_calendar":[],"footnotes":""},"class_list":["post-1086703","page","type-page","status-publish","hentry"],"_links":{"self":[{"href":"https:\/\/zsp5.zory.pl\/index.php?rest_route=\/wp\/v2\/pages\/1086703","targetHints":{"allow":["GET"]}}],"collection":[{"href":"https:\/\/zsp5.zory.pl\/index.php?rest_route=\/wp\/v2\/pages"}],"about":[{"href":"https:\/\/zsp5.zory.pl\/index.php?rest_route=\/wp\/v2\/types\/page"}],"author":[{"embeddable":true,"href":"https:\/\/zsp5.zory.pl\/index.php?rest_route=\/wp\/v2\/users\/16"}],"replies":[{"embeddable":true,"href":"https:\/\/zsp5.zory.pl\/index.php?rest_route=%2Fwp%2Fv2%2Fcomments&post=1086703"}],"version-history":[{"count":1,"href":"https:\/\/zsp5.zory.pl\/index.php?rest_route=\/wp\/v2\/pages\/1086703\/revisions"}],"predecessor-version":[{"id":1086708,"href":"https:\/\/zsp5.zory.pl\/index.php?rest_route=\/wp\/v2\/pages\/1086703\/revisions\/1086708"}],"wp:attachment":[{"href":"https:\/\/zsp5.zory.pl\/index.php?rest_route=%2Fwp%2Fv2%2Fmedia&parent=1086703"}],"curies":[{"name":"wp","href":"https:\/\/api.w.org\/{rel}","templated":true}]}}